{"id":339079,"date":"2024-07-04T10:37:35","date_gmt":"2024-07-04T09:37:35","guid":{"rendered":"https:\/\/wp.edirex.ch\/annuaire\/index.php\/annonce\/belet-patrick-cie\/"},"modified":"2025-04-25T14:03:31","modified_gmt":"2025-04-25T13:03:31","slug":"belet-patrick-cie","status":"publish","type":"listing","link":"https:\/\/edirex.ch\/annuaire\/annonce\/belet-patrick-cie\/","title":{"rendered":"Belet Patrick &amp; Cie"},"content":{"rendered":"<header>\n<h2>Belet Patrick &amp; Cie &#8211; Expert en ferblanterie et entretien de toiture \u00e0 Pully<\/h2>\n<\/header>\n<section>\n<h2>\u00c0 propos de notre entreprise<\/h2>\n<p>Depuis 42 ans, Belet Patrick &amp; Cie, anciennement Patrick Belet et Cie, incarne une excellence in\u00e9gal\u00e9e en ferblanterie, toiture, isolation et installations sanitaires. Aujourd&rsquo;hui, le dynamisme de notre entreprise est renforc\u00e9 par Tiago Carvalho, ancien employ\u00e9 et maintenant g\u00e9rant, qui apporte courageusement sa vision et son expertise. Nos valeurs sont ancr\u00e9es dans la proximit\u00e9, la polyvalence et une expertise incontestable. Nous collaborons efficacement avec des particuliers, architectes et r\u00e9gies immobili\u00e8res, tout en nous sp\u00e9cialisant dans l&rsquo;assainissement \u00e9nerg\u00e9tique et l&rsquo;enveloppe des b\u00e2timents.<\/p>\n<\/section>\n<section>\n<h2>Faites appel \u00e0 nos services pour des travaux de qualit\u00e9 sur vos toitures<\/h2>\n<article>\n<h3>Travaux de toiture et fa\u00e7ade<\/h3>\n<p>Vous envisagez une nouvelle construction ou une r\u00e9novation? Notre \u00e9quipe intervient avec pr\u00e9cision sur les toitures en pente ou plates, ainsi que sur les fa\u00e7ades ventil\u00e9es. Nos services couvrent aussi bien la ferblanterie que la couverture, garantissant des travaux ex\u00e9cut\u00e9s avec virtuosit\u00e9. Nous installons \u00e9galement des fen\u00eatres VELUX et des panneaux solaires photovolta\u00efques, toujours avec un engagement ind\u00e9fectible envers la qualit\u00e9 et l&rsquo;expertise prouv\u00e9e.<\/p>\n<\/article>\n<article>\n<h3>D\u00e9pannage sanitaire<\/h3>\n<p>Besoin d&rsquo;un d\u00e9pannage sanitaire rapide? Notre \u00e9quipe se tient \u00e0 votre disposition pour effectuer des petits travaux de r\u00e9novation, remplacer des pi\u00e8ces, des \u00e9viers et des lavabos, et pour d\u00e9boucher des siphons. Nous r\u00e9alisons \u00e9galement des installations et transformations sanitaires, toujours avec un service rapide et efficace.<\/p>\n<\/article>\n<article>\n<h3>Entretien de toiture<\/h3>\n<p>Avez-vous pens\u00e9 \u00e0 souscrire \u00e0 un abonnement pour l&rsquo;entretien annuel de votre toiture? En prot\u00e9geant votre investissement, vous prolongez la dur\u00e9e de vie de votre b\u00e2timent et \u00e9vitez les ennuis majeurs. Confiez-nous le nettoyage, l&rsquo;entretien et la r\u00e9paration de votre toiture pour un \u00e9tat impeccable et prolong\u00e9.<\/p>\n<\/article>\n<\/section>\n<section>\n<h2>Vous pouvez compter sur nous<\/h2>\n<article>\n<h3>Pourquoi faire appel \u00e0 nous?<\/h3>\n<p>Belet Patrick &amp; Cie a b\u00e2ti une r\u00e9putation solide gr\u00e2ce \u00e0 son savoir-faire exceptionnel et la qualit\u00e9 irr\u00e9prochable de ses prestations. En choisissant notre entreprise, vous b\u00e9n\u00e9ficierez de l&rsquo;expertise d&rsquo;une \u00e9quipe \u00e0 la fois s\u00e9rieuse et sympathique, toujours pr\u00eate \u00e0 honorer ses engagements avec d\u00e9vouement.<\/p>\n<\/article>\n<\/section>\n","protected":false},"author":1,"featured_media":350146,"comment_status":"open","ping_status":"closed","template":"","meta":[],"listing_category":[1520],"event_category":[],"service_category":[],"rental_category":[],"classifieds_category":[],"listing_feature":[],"region":[],"class_list":["post-339079","listing","type-listing","status-publish","has-post-thumbnail","hentry","listing_category-etancheite-couverture-facade"],"_links":{"self":[{"href":"https:\/\/edirex.ch\/annuaire\/wp-json\/wp\/v2\/listing\/339079","targetHints":{"allow":["GET"]}}],"collection":[{"href":"https:\/\/edirex.ch\/annuaire\/wp-json\/wp\/v2\/listing"}],"about":[{"href":"https:\/\/edirex.ch\/annuaire\/wp-json\/wp\/v2\/types\/listing"}],"author":[{"embeddable":true,"href":"https:\/\/edirex.ch\/annuaire\/wp-json\/wp\/v2\/users\/1"}],"replies":[{"embeddable":true,"href":"https:\/\/edirex.ch\/annuaire\/wp-json\/wp\/v2\/comments?post=339079"}],"wp:featuredmedia":[{"embeddable":true,"href":"https:\/\/edirex.ch\/annuaire\/wp-json\/wp\/v2\/media\/350146"}],"wp:attachment":[{"href":"https:\/\/edirex.ch\/annuaire\/wp-json\/wp\/v2\/media?parent=339079"}],"wp:term":[{"taxonomy":"listing_category","embeddable":true,"href":"https:\/\/edirex.ch\/annuaire\/wp-json\/wp\/v2\/listing_category?post=339079"},{"taxonomy":"event_category","embeddable":true,"href":"https:\/\/edirex.ch\/annuaire\/wp-json\/wp\/v2\/event_category?post=339079"},{"taxonomy":"service_category","embeddable":true,"href":"https:\/\/edirex.ch\/annuaire\/wp-json\/wp\/v2\/service_category?post=339079"},{"taxonomy":"rental_category","embeddable":true,"href":"https:\/\/edirex.ch\/annuaire\/wp-json\/wp\/v2\/rental_category?post=339079"},{"taxonomy":"classifieds_category","embeddable":true,"href":"https:\/\/edirex.ch\/annuaire\/wp-json\/wp\/v2\/classifieds_category?post=339079"},{"taxonomy":"listing_feature","embeddable":true,"href":"https:\/\/edirex.ch\/annuaire\/wp-json\/wp\/v2\/listing_feature?post=339079"},{"taxonomy":"region","embeddable":true,"href":"https:\/\/edirex.ch\/annuaire\/wp-json\/wp\/v2\/region?post=339079"}],"curies":[{"name":"wp","href":"https:\/\/api.w.org\/{rel}","templated":true}]}}