{"id":339431,"date":"2024-07-04T10:38:19","date_gmt":"2024-07-04T09:38:19","guid":{"rendered":"https:\/\/wp.edirex.ch\/annuaire\/index.php\/annonce\/nk-concept-etancheite-sarl\/"},"modified":"2025-04-25T15:46:33","modified_gmt":"2025-04-25T14:46:33","slug":"nk-concept-etancheite-sarl","status":"publish","type":"listing","link":"https:\/\/edirex.ch\/annuaire\/annonce\/nk-concept-etancheite-sarl\/","title":{"rendered":"NK Concept &amp; Etanch\u00e9it\u00e9 S\u00e0rl"},"content":{"rendered":"<h2>NK Concept &amp; Etanch\u00e9it\u00e9 S\u00e0rl<\/h2>\n<h3>Des experts en \u00e9tanch\u00e9it\u00e9 et isolation<\/h3>\n<p>NK Concept &amp; Etanch\u00e9it\u00e9 S\u00e0rl est le ma\u00eetre partenaire pour tous vos besoins en \u00e9tanch\u00e9it\u00e9 et isolation \u00e0 Lausanne. Avec des ann\u00e9es d&rsquo;exp\u00e9rience, notre \u00e9quipe met un point d&rsquo;honneur \u00e0 offrir des services d&rsquo;excellence pour prot\u00e9ger vos toits, fa\u00e7ades et murs des \u00e9l\u00e9ments. Nos solutions utilisent des mat\u00e9riaux de qualit\u00e9 sup\u00e9rieure, choisis pour leur durabilit\u00e9 et leur performance. Ainsi, nous garantissons des travaux qui non seulement r\u00e9sistent au temps mais respectent aussi votre budget.<\/p>\n<h3>Travaux sp\u00e9ciaux et r\u00e9novations<\/h3>\n<p>La r\u00e9novation de fa\u00e7ades ou la r\u00e9paration de b\u00e9ton n&rsquo;ont pas de secret pour nous. Chez NK Concept &amp; Etanch\u00e9it\u00e9 S\u00e0rl, les travaux sp\u00e9ciaux, incluant le rev\u00eatement de sols et les projets de peinture, sont trait\u00e9s avec tout le soin qu&rsquo;ils m\u00e9ritent. Chaque projet est une opportunit\u00e9 pour nos experts de repousser les limites de leur savoir-faire, assurant un r\u00e9sultat de haute qualit\u00e9 quel que soit le d\u00e9fi. Chaque solution est pens\u00e9e pour s&rsquo;adapter aux exigences sp\u00e9cifiques de chaque projet, permettant ainsi \u00e0 vos espaces de retrouver leur splendeur d&rsquo;origine.<\/p>\n<h3>Ferblanterie : des solutions durables<\/h3>\n<p>La ferblanterie est au c\u0153ur de notre savoir-faire. Nos sp\u00e9cialistes en m\u00e9tal travaillent avec pr\u00e9cision pour installer et r\u00e9parer goutti\u00e8res, ch\u00e9neaux et couvertures de toits en m\u00e9tal. Nous savons que chaque \u00e9l\u00e9ment ferblant\u00e9 joue un r\u00f4le crucial dans l&rsquo;\u00e9tanch\u00e9it\u00e9 et l&rsquo;efficacit\u00e9 \u00e9nerg\u00e9tique de votre b\u00e2timent. C&rsquo;est pourquoi nous ne tol\u00e9rons aucune approximation dans nos interventions, garantissant ainsi des solutions p\u00e9rennes et esth\u00e9tiques.<\/p>\n<h3>Pose et r\u00e9paration de dalles<\/h3>\n<p>Nos services incluent \u00e9galement la pose et la r\u00e9paration de dalles \u2014 que ce soit pour vos patios, terrasses, all\u00e9es ou toitures plates. En utilisant des techniques modernes et \u00e9prouv\u00e9es, nous assurons une installation pr\u00e9cise et durable. Nos solutions se d\u00e9marquent par leur finition impeccable, transformant vos espaces ext\u00e9rieurs en v\u00e9ritables \u0153uvres d&rsquo;art pratiques et attrayantes.<\/p>\n<h3>Engagement envers la qualit\u00e9 et la satisfaction client<\/h3>\n<p>NK Concept &amp; Etanch\u00e9it\u00e9 S\u00e0rl est une entreprise familiale fond\u00e9e sur des valeurs de qualit\u00e9 et de satisfaction client. Depuis notre cr\u00e9ation en 2019, nous avons consid\u00e9rablement \u00e9volu\u00e9 gr\u00e2ce \u00e0 notre r\u00e9activit\u00e9 et notre sens aigu du service. Nous sommes fiers de construire des relations de confiance avec nos clients en leur offrant des solutions durables, appuy\u00e9es par l&rsquo;utilisation de mat\u00e9riaux suisses de qualit\u00e9 sup\u00e9rieure. Notre engagement est total et constant : am\u00e9liorer sans cesse notre qualit\u00e9 de travail et maintenir les normes les plus \u00e9lev\u00e9es du secteur.<\/p>\n","protected":false},"author":1,"featured_media":350325,"comment_status":"open","ping_status":"closed","template":"","meta":[],"listing_category":[1520],"event_category":[],"service_category":[],"rental_category":[],"classifieds_category":[],"listing_feature":[],"region":[],"class_list":["post-339431","listing","type-listing","status-publish","has-post-thumbnail","hentry","listing_category-etancheite-couverture-facade"],"_links":{"self":[{"href":"https:\/\/edirex.ch\/annuaire\/wp-json\/wp\/v2\/listing\/339431","targetHints":{"allow":["GET"]}}],"collection":[{"href":"https:\/\/edirex.ch\/annuaire\/wp-json\/wp\/v2\/listing"}],"about":[{"href":"https:\/\/edirex.ch\/annuaire\/wp-json\/wp\/v2\/types\/listing"}],"author":[{"embeddable":true,"href":"https:\/\/edirex.ch\/annuaire\/wp-json\/wp\/v2\/users\/1"}],"replies":[{"embeddable":true,"href":"https:\/\/edirex.ch\/annuaire\/wp-json\/wp\/v2\/comments?post=339431"}],"wp:featuredmedia":[{"embeddable":true,"href":"https:\/\/edirex.ch\/annuaire\/wp-json\/wp\/v2\/media\/350325"}],"wp:attachment":[{"href":"https:\/\/edirex.ch\/annuaire\/wp-json\/wp\/v2\/media?parent=339431"}],"wp:term":[{"taxonomy":"listing_category","embeddable":true,"href":"https:\/\/edirex.ch\/annuaire\/wp-json\/wp\/v2\/listing_category?post=339431"},{"taxonomy":"event_category","embeddable":true,"href":"https:\/\/edirex.ch\/annuaire\/wp-json\/wp\/v2\/event_category?post=339431"},{"taxonomy":"service_category","embeddable":true,"href":"https:\/\/edirex.ch\/annuaire\/wp-json\/wp\/v2\/service_category?post=339431"},{"taxonomy":"rental_category","embeddable":true,"href":"https:\/\/edirex.ch\/annuaire\/wp-json\/wp\/v2\/rental_category?post=339431"},{"taxonomy":"classifieds_category","embeddable":true,"href":"https:\/\/edirex.ch\/annuaire\/wp-json\/wp\/v2\/classifieds_category?post=339431"},{"taxonomy":"listing_feature","embeddable":true,"href":"https:\/\/edirex.ch\/annuaire\/wp-json\/wp\/v2\/listing_feature?post=339431"},{"taxonomy":"region","embeddable":true,"href":"https:\/\/edirex.ch\/annuaire\/wp-json\/wp\/v2\/region?post=339431"}],"curies":[{"name":"wp","href":"https:\/\/api.w.org\/{rel}","templated":true}]}}