{"id":342504,"date":"2024-07-04T10:47:49","date_gmt":"2024-07-04T09:47:49","guid":{"rendered":"https:\/\/wp.edirex.ch\/annuaire\/index.php\/annonce\/ceppi-sa\/"},"modified":"2025-04-25T13:43:46","modified_gmt":"2025-04-25T12:43:46","slug":"ceppi-sa","status":"publish","type":"listing","link":"https:\/\/edirex.ch\/annuaire\/annonce\/ceppi-sa\/","title":{"rendered":"Ceppi SA"},"content":{"rendered":"<h2>Ceppi SA : ma\u00eetre artisan de la toiture et de la ferblanterie \u00e0 Vaud<\/h2>\n<p>Depuis pr\u00e8s de trois d\u00e9cennies, Ceppi SA se distingue dans l&rsquo;art de la toiture et de la ferblanterie, apportant son savoir-faire ancestral aux habitations du canton de Vaud. La r\u00e9putation d&rsquo;excellence que Ceppi SA a b\u00e2tie repose sur des services \u00e0 la fois traditionnels et innovants, garantissant qualit\u00e9, durabilit\u00e9 et esth\u00e9tique.<\/p>\n<h2>Des solutions sur mesure pour votre toit<\/h2>\n<p>L&rsquo;entreprise combine habilement artisanat et modernit\u00e9, en fabriquant des pi\u00e8ces sur mesure pour chaque projet. Que ce soit pour une sortie de toiture, une chemin\u00e9e, un raccord de ferblanterie ou encore un rev\u00eatement m\u00e9tallique, les cr\u00e9ations de JP Ceppi s&rsquo;adaptent parfaitement \u00e0 chaque sp\u00e9cificit\u00e9 architecturale. Ceppi SA s&rsquo;engage \u00e0 transformer chaque toit en une cr\u00e9ation unique qui r\u00e9pond aux besoins particuliers de ses clients.<\/p>\n<h3>Des experts des toits pr\u00eats \u00e0 toute \u00e9ventualit\u00e9<\/h3>\n<p>Forte de son \u00e9quipe d&rsquo;experts chevronn\u00e9s, Ceppi SA intervient rapidement sur les toits en cas d\u2019urgence. L&rsquo;entretien r\u00e9gulier et la r\u00e9novation font aussi partie des comp\u00e9tences cl\u00e9s de l&rsquo;entreprise, permettant ainsi de prolonger la vie de votre toiture et de pr\u00e9server son aspect esth\u00e9tique \u00e0 long terme.<\/p>\n<h2>L&rsquo;\u00e9nergie solaire au c\u0153ur de nos priorit\u00e9s<\/h2>\n<p>Engag\u00e9e dans le d\u00e9veloppement durable, Ceppi SA propose \u00e9galement des solutions pour l&rsquo;int\u00e9gration de panneaux solaires directement sur la toiture. Cette approche \u00e9co-responsable contribue \u00e0 optimiser l&rsquo;efficacit\u00e9 \u00e9nerg\u00e9tique de votre propri\u00e9t\u00e9 tout en respectant l&rsquo;environnement, renfor\u00e7ant ainsi l&rsquo;engagement de l&rsquo;entreprise envers un avenir plus vert.<\/p>\n<h2>Fen\u00eatres de toit : lumi\u00e8re et a\u00e9ration optimis\u00e9es<\/h2>\n<p>Les fen\u00eatres de toit, telles que Velux, ne sont pas en reste dans l&rsquo;offre de Ceppi SA. Am\u00e9liorez la luminosit\u00e9 de vos pi\u00e8ces et favorisez une ventilation naturelle gr\u00e2ce \u00e0 une installation r\u00e9alis\u00e9e dans les r\u00e8gles de l&rsquo;art. Offrant esth\u00e9tisme et praticit\u00e9, ces installations transforment les combles en espaces agr\u00e9ables \u00e0 vivre.<\/p>\n<h2>La pr\u00e9cision et la qualit\u00e9 comme marque de fabrique<\/h2>\n<p>Chaque r\u00e9alisation de Ceppi SA est une \u0153uvre de pr\u00e9cision, reflet de l&rsquo;engagement et de l&rsquo;expertise de ses artisans. L&rsquo;entreprise mise sur des mat\u00e9riaux de premi\u00e8re qualit\u00e9, alliant robustesse et \u00e9l\u00e9gance, pour des r\u00e9sultats \u00e0 la hauteur des esp\u00e9rances de sa client\u00e8le.<\/p>\n<h3>Une gestion exemplaire des projets<\/h3>\n<p>Que vous soyez en phase de construction ou en pleine r\u00e9novation, Ceppi SA vous accompagne \u00e0 chaque \u00e9tape de votre projet de toiture ou de ferblanterie. De l&rsquo;analyse initiale \u00e0 la mise en \u0153uvre finale, en passant par la proposition de solutions sur mesure, l&rsquo;exp\u00e9rience client est au centre des pr\u00e9occupations de ce professionnel de la toiture.<\/p>\n<h2>Innovations et tradition main dans la main<\/h2>\n<p>Ceppi SA ne se contente pas de rafra\u00eechir l&rsquo;apparence de votre toit, mais r\u00e9invente aussi son r\u00f4le en s\u2019inspirant des derni\u00e8res innovations technologiques tout en respectant les m\u00e9thodes artisanales traditionnelles. Cet \u00e9quilibre harmonieux assure un r\u00e9sultat \u00e0 la fois fonctionnel et attrayant.<\/p>\n","protected":false},"author":1,"featured_media":373111,"comment_status":"open","ping_status":"closed","template":"","meta":[],"listing_category":[1520],"event_category":[],"service_category":[],"rental_category":[],"classifieds_category":[],"listing_feature":[],"region":[],"class_list":["post-342504","listing","type-listing","status-publish","has-post-thumbnail","hentry","listing_category-etancheite-couverture-facade"],"_links":{"self":[{"href":"https:\/\/edirex.ch\/annuaire\/wp-json\/wp\/v2\/listing\/342504","targetHints":{"allow":["GET"]}}],"collection":[{"href":"https:\/\/edirex.ch\/annuaire\/wp-json\/wp\/v2\/listing"}],"about":[{"href":"https:\/\/edirex.ch\/annuaire\/wp-json\/wp\/v2\/types\/listing"}],"author":[{"embeddable":true,"href":"https:\/\/edirex.ch\/annuaire\/wp-json\/wp\/v2\/users\/1"}],"replies":[{"embeddable":true,"href":"https:\/\/edirex.ch\/annuaire\/wp-json\/wp\/v2\/comments?post=342504"}],"wp:featuredmedia":[{"embeddable":true,"href":"https:\/\/edirex.ch\/annuaire\/wp-json\/wp\/v2\/media\/373111"}],"wp:attachment":[{"href":"https:\/\/edirex.ch\/annuaire\/wp-json\/wp\/v2\/media?parent=342504"}],"wp:term":[{"taxonomy":"listing_category","embeddable":true,"href":"https:\/\/edirex.ch\/annuaire\/wp-json\/wp\/v2\/listing_category?post=342504"},{"taxonomy":"event_category","embeddable":true,"href":"https:\/\/edirex.ch\/annuaire\/wp-json\/wp\/v2\/event_category?post=342504"},{"taxonomy":"service_category","embeddable":true,"href":"https:\/\/edirex.ch\/annuaire\/wp-json\/wp\/v2\/service_category?post=342504"},{"taxonomy":"rental_category","embeddable":true,"href":"https:\/\/edirex.ch\/annuaire\/wp-json\/wp\/v2\/rental_category?post=342504"},{"taxonomy":"classifieds_category","embeddable":true,"href":"https:\/\/edirex.ch\/annuaire\/wp-json\/wp\/v2\/classifieds_category?post=342504"},{"taxonomy":"listing_feature","embeddable":true,"href":"https:\/\/edirex.ch\/annuaire\/wp-json\/wp\/v2\/listing_feature?post=342504"},{"taxonomy":"region","embeddable":true,"href":"https:\/\/edirex.ch\/annuaire\/wp-json\/wp\/v2\/region?post=342504"}],"curies":[{"name":"wp","href":"https:\/\/api.w.org\/{rel}","templated":true}]}}