{"id":386421,"date":"2025-04-25T20:13:18","date_gmt":"2025-04-25T19:13:18","guid":{"rendered":"https:\/\/edirex.ch\/annuaire\/?post_type=listing&#038;p=386421"},"modified":"2025-05-28T10:55:11","modified_gmt":"2025-05-28T09:55:11","slug":"delederray-e-toitures-sa","status":"publish","type":"listing","link":"https:\/\/edirex.ch\/annuaire\/annonce\/delederray-e-toitures-sa\/","title":{"rendered":"Del\u00e9derray E. Toitures SA"},"content":{"rendered":"<h2>E. Del\u00e9derray Toitures SA &#8211; Lausanne \/ Renens<\/h2>\n<h2>Pr\u00e9sentation et atouts<\/h2>\n<p>E. Del\u00e9derray Toitures SA se distingue par une expertise exceptionnelle dans le domaine de la construction, plus pr\u00e9cis\u00e9ment dans la r\u00e9novation et les nouvelles constructions. Bas\u00e9e entre Lausanne et Yverdon, notre entreprise rayonne de Gen\u00e8ve \u00e0 Vevey, offrant des services d&rsquo;excellence en toiture, ferblanterie, rev\u00eatement de fa\u00e7ade, couverture, faisceau et un bureau d&rsquo;\u00e9tudes aguerri.<\/p>\n<h2>\u00c9quipe<\/h2>\n<p>Notre \u00e9quipe est compos\u00e9e de professionnels passionn\u00e9s et comp\u00e9tents, pr\u00eats \u00e0 relever chaque d\u00e9fi quotidien. Chacun de nos collaborateurs est anim\u00e9 par le souci du d\u00e9tail, garantissant ainsi la meilleure qualit\u00e9 de service. Nous sommes \u00e9galement fiers de compter dans nos rangs Amir Attaii, m\u00e9daill\u00e9 de bronze aux Championnats suisses de ferblanterie en 2021, t\u00e9moignage vivace de notre engagement envers l&rsquo;excellence.<\/p>\n<h2>Historique<\/h2>\n<p>Depuis sa cr\u00e9ation, E. Del\u00e9derray Toitures SA n&rsquo;a cess\u00e9 d&rsquo;innover et de perfectionner ses proc\u00e9d\u00e9s pour r\u00e9pondre aux besoins diversifi\u00e9s de ses clients. Forts de notre riche exp\u00e9rience, nous avons consolid\u00e9 notre r\u00e9putation par la qualit\u00e9 constante de nos r\u00e9alisations, alliant tradition et modernit\u00e9.<\/p>\n<h3>Responsabilit\u00e9 et sponsoring<\/h3>\n<p>Anim\u00e9e par une forte conscience environnementale, l&rsquo;entreprise s&rsquo;investit \u00e9galement dans des projets de d\u00e9veloppement durable. Nous avons \u00e0 c\u0153ur de soutenir des initiatives locales, notamment par le sponsoring de diverses associations professionnelles, garantissant ainsi un d\u00e9veloppement harmonieux avec notre environnement.<\/p>\n<h2>Prestations<\/h2>\n<h3>Toiture et ferblanterie<\/h3>\n<p>Sp\u00e9cialistes reconnus en toiture et ferblanterie, nous apportons des solutions sur-mesure, tout en respectant les normes de qualit\u00e9 les plus strictes. Nos \u00e9quipes prennent soin d\u2019appliquer des techniques modernes pour assurer la durabilit\u00e9 et l&rsquo;esth\u00e9tique de chaque ouvrage.<\/p>\n<h3>Rev\u00eatement de fa\u00e7ade et couverture<\/h3>\n<p>En mati\u00e8re de rev\u00eatement de fa\u00e7ade et de couverture, notre savoir-faire est synonyme de r\u00e9sistance et de style. Chaque intervention est soigneusement planifi\u00e9e et ex\u00e9cut\u00e9e pour un r\u00e9sultat irr\u00e9prochable, sublimant ainsi vos b\u00e2timents.<\/p>\n<h3>Bureau d&rsquo;\u00e9tudes et thermographie<\/h3>\n<p>Notre bureau d&rsquo;\u00e9tudes, \u00e9quip\u00e9 des technologies les plus innovantes, accompagne chaque projet de sa conception \u00e0 sa r\u00e9alisation. La thermographie joue un r\u00f4le crucial pour optimiser l\u2019efficacit\u00e9 \u00e9nerg\u00e9tique de vos b\u00e2timents, vous assurant ainsi un confort thermique id\u00e9al.<\/p>\n<h2>R\u00e9alisations : constructions neuves et r\u00e9novations<\/h2>\n<p>D&rsquo;un simple projet de construction neuve \u00e0 la r\u00e9novation compl\u00e8te de structures existantes, chaque r\u00e9alisation de E. Del\u00e9derray Toitures SA \u00e9pouse le respect de l&rsquo;architecture originelle tout en int\u00e9grant des \u00e9l\u00e9ments modernes et fonctionnels.<\/p>\n<h3>Emploi et apprentissage<\/h3>\n<p>E. Del\u00e9derray Toitures SA pr\u00f4ne une vision tourn\u00e9e vers l&rsquo;avenir, formant des apprentis ferblantiers pour assurer la rel\u00e8ve de demain. Dans une dynamique d&rsquo;am\u00e9lioration continue, nous encourageons le d\u00e9veloppement de comp\u00e9tences au sein de notre entreprise.<\/p>\n<p>En collaboration avec des architectes, ma\u00eetres d&rsquo;ouvrages et g\u00e9rances d&rsquo;immeubles, nous restons \u00e0 votre service pour toute demande. Notre mission est de construire le pr\u00e9sent avec une vision tourn\u00e9e vers l&rsquo;avenir.<\/p>\n","protected":false},"author":1,"featured_media":0,"comment_status":"open","ping_status":"closed","template":"","meta":[],"listing_category":[1520],"event_category":[],"service_category":[],"rental_category":[],"classifieds_category":[],"listing_feature":[],"region":[],"class_list":["post-386421","listing","type-listing","status-publish","hentry","listing_category-etancheite-couverture-facade"],"_links":{"self":[{"href":"https:\/\/edirex.ch\/annuaire\/wp-json\/wp\/v2\/listing\/386421","targetHints":{"allow":["GET"]}}],"collection":[{"href":"https:\/\/edirex.ch\/annuaire\/wp-json\/wp\/v2\/listing"}],"about":[{"href":"https:\/\/edirex.ch\/annuaire\/wp-json\/wp\/v2\/types\/listing"}],"author":[{"embeddable":true,"href":"https:\/\/edirex.ch\/annuaire\/wp-json\/wp\/v2\/users\/1"}],"replies":[{"embeddable":true,"href":"https:\/\/edirex.ch\/annuaire\/wp-json\/wp\/v2\/comments?post=386421"}],"wp:attachment":[{"href":"https:\/\/edirex.ch\/annuaire\/wp-json\/wp\/v2\/media?parent=386421"}],"wp:term":[{"taxonomy":"listing_category","embeddable":true,"href":"https:\/\/edirex.ch\/annuaire\/wp-json\/wp\/v2\/listing_category?post=386421"},{"taxonomy":"event_category","embeddable":true,"href":"https:\/\/edirex.ch\/annuaire\/wp-json\/wp\/v2\/event_category?post=386421"},{"taxonomy":"service_category","embeddable":true,"href":"https:\/\/edirex.ch\/annuaire\/wp-json\/wp\/v2\/service_category?post=386421"},{"taxonomy":"rental_category","embeddable":true,"href":"https:\/\/edirex.ch\/annuaire\/wp-json\/wp\/v2\/rental_category?post=386421"},{"taxonomy":"classifieds_category","embeddable":true,"href":"https:\/\/edirex.ch\/annuaire\/wp-json\/wp\/v2\/classifieds_category?post=386421"},{"taxonomy":"listing_feature","embeddable":true,"href":"https:\/\/edirex.ch\/annuaire\/wp-json\/wp\/v2\/listing_feature?post=386421"},{"taxonomy":"region","embeddable":true,"href":"https:\/\/edirex.ch\/annuaire\/wp-json\/wp\/v2\/region?post=386421"}],"curies":[{"name":"wp","href":"https:\/\/api.w.org\/{rel}","templated":true}]}}