{"id":386439,"date":"2025-04-25T20:13:32","date_gmt":"2025-04-25T19:13:32","guid":{"rendered":"https:\/\/edirex.ch\/annuaire\/?post_type=listing&#038;p=386439"},"modified":"2025-11-06T09:05:03","modified_gmt":"2025-11-06T08:05:03","slug":"b-schnider-sa","status":"publish","type":"listing","link":"https:\/\/edirex.ch\/annuaire\/annonce\/b-schnider-sa\/","title":{"rendered":"B. Schnider SA"},"content":{"rendered":"<h2>B. Schnider SA : un savoir-faire d&rsquo;excellence<\/h2>\n<h2>Philosophie<\/h2>\n<p>B. Schnider SA s&rsquo;engage avec passion et rigueur dans l\u2019art de la ferblanterie et de la couverture. Chaque projet est men\u00e9 avec un souci constant de qualit\u00e9 et d\u2019innovation. L\u2019entreprise suit de pr\u00e8s les tendances du march\u00e9, int\u00e9grant les avanc\u00e9es techniques et \u00e9cologiques pour offrir des solutions durables et performantes. Notre mission ne se limite pas \u00e0 satisfaire nos clients, mais aussi \u00e0 inspirer confiance par un travail irr\u00e9prochable.<\/p>\n<p>Chez B. Schnider SA, le bien-\u00eatre de nos employ\u00e9s est au c\u0153ur de nos priorit\u00e9s. Nous avons am\u00e9nag\u00e9 des espaces de travail modernes et \u00e9quip\u00e9s pour favoriser la cr\u00e9ativit\u00e9 et l\u2019efficacit\u00e9 de notre \u00e9quipe. Nous croyons fermement que des conditions de travail optimales se traduisent par des r\u00e9sultats exceptionnels pour nos clients.<\/p>\n<h2>Expertise et champs d\u2019intervention<\/h2>\n<h3>Ferblanterie &amp; couverture<\/h3>\n<p>Experts dans les travaux de ferblanterie et de couverture, nous apportons une r\u00e9ponse pr\u00e9cise et adapt\u00e9e aux besoins sp\u00e9cifiques de chaque client. Qu\u2019il s\u2019agisse de r\u00e9novations, de constructions neuves ou d\u2019entretien, nous utilisons des mat\u00e9riaux de premier choix pour garantir une durabilit\u00e9 et une esth\u00e9tique irr\u00e9prochables.<\/p>\n<h3>Fa\u00e7ade ventil\u00e9e<\/h3>\n<p>B. Schnider SA se sp\u00e9cialise \u00e9galement dans l\u2019installation de fa\u00e7ades ventil\u00e9es, une solution moderne et \u00e9cologique qui optimise l\u2019isolation thermique et acoustique des b\u00e2timents. En combinant design et performance, nos fa\u00e7ades ventil\u00e9es offrent un confort sup\u00e9rieur tout en valorisant l\u2019esth\u00e9tique des ouvrages architecturaux.<\/p>\n<h3>Toit plat<\/h3>\n<p>Les toits plats constituent une de nos grandes sp\u00e9cialit\u00e9s. Que ce soit pour des projets r\u00e9sidentiels ou commerciaux, nous proposons des solutions techniques innovantes pour garantir une \u00e9tanch\u00e9it\u00e9 parfaite et une gestion optimale des eaux pluviales. Nos toits plats allient fonctionnalit\u00e9 et \u00e9l\u00e9gance, tout en respectant les normes environnementales les plus strictes.<\/p>\n<h3>Design et concours<\/h3>\n<p>Le design occupe une place centrale dans notre activit\u00e9. Nous collaborons \u00e9troitement avec des architectes et des designers pour concevoir des projets uniques et sur-mesure, align\u00e9s aux aspirations esth\u00e9tiques et fonctionnelles de nos clients. Nous participons \u00e9galement \u00e0 des concours, o\u00f9 notre expertise et notre cr\u00e9ativit\u00e9 sont r\u00e9guli\u00e8rement salu\u00e9es par des distinctions prestigieuses.<\/p>\n<h2>Formation et d\u00e9veloppement<\/h2>\n<p>Soucieux de transmettre notre savoir-faire, nous investissons activement dans la formation de nos collaborateurs. Nous accueillons r\u00e9guli\u00e8rement des apprentis et encourageons le perfectionnement continu de toute notre \u00e9quipe. Cette approche garantit non seulement la p\u00e9rennit\u00e9 de nos comp\u00e9tences, mais aussi une qualit\u00e9 d\u2019ex\u00e9cution toujours \u00e0 la pointe des exigences du march\u00e9.<\/p>\n<h2>Une entreprise tourn\u00e9e vers l\u2019avenir<\/h2>\n<p>B. Schnider SA ne cesse de repousser les limites de l\u2019innovation pour proposer des solutions durables et performantes. Avec une \u00e9quipe soud\u00e9e et des valeurs solides, l\u2019entreprise s\u2019impose comme une r\u00e9f\u00e9rence incontournable dans le domaine de la ferblanterie, de la couverture et des solutions architecturales modernes.<\/p>\n","protected":false},"author":94,"featured_media":402130,"comment_status":"open","ping_status":"closed","template":"","meta":[],"listing_category":[1520],"event_category":[],"service_category":[],"rental_category":[],"classifieds_category":[],"listing_feature":[],"region":[],"class_list":["post-386439","listing","type-listing","status-publish","has-post-thumbnail","hentry","listing_category-etancheite-couverture-facade"],"_links":{"self":[{"href":"https:\/\/edirex.ch\/annuaire\/wp-json\/wp\/v2\/listing\/386439","targetHints":{"allow":["GET"]}}],"collection":[{"href":"https:\/\/edirex.ch\/annuaire\/wp-json\/wp\/v2\/listing"}],"about":[{"href":"https:\/\/edirex.ch\/annuaire\/wp-json\/wp\/v2\/types\/listing"}],"author":[{"embeddable":true,"href":"https:\/\/edirex.ch\/annuaire\/wp-json\/wp\/v2\/users\/94"}],"replies":[{"embeddable":true,"href":"https:\/\/edirex.ch\/annuaire\/wp-json\/wp\/v2\/comments?post=386439"}],"wp:featuredmedia":[{"embeddable":true,"href":"https:\/\/edirex.ch\/annuaire\/wp-json\/wp\/v2\/media\/402130"}],"wp:attachment":[{"href":"https:\/\/edirex.ch\/annuaire\/wp-json\/wp\/v2\/media?parent=386439"}],"wp:term":[{"taxonomy":"listing_category","embeddable":true,"href":"https:\/\/edirex.ch\/annuaire\/wp-json\/wp\/v2\/listing_category?post=386439"},{"taxonomy":"event_category","embeddable":true,"href":"https:\/\/edirex.ch\/annuaire\/wp-json\/wp\/v2\/event_category?post=386439"},{"taxonomy":"service_category","embeddable":true,"href":"https:\/\/edirex.ch\/annuaire\/wp-json\/wp\/v2\/service_category?post=386439"},{"taxonomy":"rental_category","embeddable":true,"href":"https:\/\/edirex.ch\/annuaire\/wp-json\/wp\/v2\/rental_category?post=386439"},{"taxonomy":"classifieds_category","embeddable":true,"href":"https:\/\/edirex.ch\/annuaire\/wp-json\/wp\/v2\/classifieds_category?post=386439"},{"taxonomy":"listing_feature","embeddable":true,"href":"https:\/\/edirex.ch\/annuaire\/wp-json\/wp\/v2\/listing_feature?post=386439"},{"taxonomy":"region","embeddable":true,"href":"https:\/\/edirex.ch\/annuaire\/wp-json\/wp\/v2\/region?post=386439"}],"curies":[{"name":"wp","href":"https:\/\/api.w.org\/{rel}","templated":true}]}}