{"id":386455,"date":"2025-04-25T20:14:18","date_gmt":"2025-04-25T19:14:18","guid":{"rendered":"https:\/\/edirex.ch\/annuaire\/?post_type=listing&#038;p=386455"},"modified":"2025-05-28T11:24:28","modified_gmt":"2025-05-28T10:24:28","slug":"breitler-sarl","status":"publish","type":"listing","link":"https:\/\/edirex.ch\/annuaire\/annonce\/breitler-sarl\/","title":{"rendered":"Breitler SARL"},"content":{"rendered":"<h2>Entreprise de sanitaire, couverture-ferblanterie et chauffage \u00e0 Sainte-Croix<\/h2>\n<h2>Une expertise locale reconnue depuis plus de 15 ans<\/h2>\n<p>Situ\u00e9e \u00e0 Sainte-Croix, dans le Nord Vaudois, Breitler S\u00e0rl offre une expertise in\u00e9gal\u00e9e dans les domaines du sanitaire, du chauffage et de la couverture-ferblanterie. En activit\u00e9 depuis plus de 15 ans, cette entreprise s\u2019est impos\u00e9e comme un acteur de confiance, alliant savoir-faire traditionnel et solutions modernes. \u00c0 seulement 20 minutes de Baulmes et du Val-de-Travers, l\u2019\u00e9quipe intervient rapidement pour r\u00e9pondre aux besoins des particuliers et des professionnels.<\/p>\n<h2>Services de sanitaire : des solutions sur mesure<\/h2>\n<p>Breitler S\u00e0rl transforme vos espaces avec des projets de r\u00e9novation et de cr\u00e9ation de salles de bains qui allient esth\u00e9tisme et fonctionnalit\u00e9. L\u2019entreprise prend en charge la pose et la r\u00e9novation des \u00e9coulements, des colonnes de chute et des tuyaux en fouille, assurant une installation durable et conforme aux normes les plus strictes. Chaque d\u00e9tail est pens\u00e9 pour garantir un confort optimal, que ce soit dans le cadre d\u2019une construction neuve ou d\u2019une r\u00e9novation.<\/p>\n<h2>Chauffage : des installations performantes et \u00e9cologiques<\/h2>\n<p>Sp\u00e9cialiste des syst\u00e8mes de chauffage, Breitler S\u00e0rl propose une large gamme de solutions adapt\u00e9es aux besoins modernes. Remplacement ou installation de chaudi\u00e8res (gaz, mazout, pellets, bois d\u00e9chiquet\u00e9) ? Installation de pompes \u00e0 chaleur ou de panneaux solaires thermiques ? L\u2019entreprise ma\u00eetrise toutes ces technologies et accompagne ses clients dans la demande de subventions, un atout non n\u00e9gligeable pour optimiser les co\u00fbts. De plus, ses services incluent le d\u00e9tartrage et le remplacement d\u2019\u00e9quipements existants, afin d\u2019assurer la long\u00e9vit\u00e9 et l\u2019efficacit\u00e9 des installations.<\/p>\n<h2>Couverture-ferblanterie : robustesse et esth\u00e9tique<\/h2>\n<p>Avec Breitler S\u00e0rl, la couverture-ferblanterie devient un art. L\u2019entreprise met un point d\u2019honneur \u00e0 prot\u00e9ger et embellir les b\u00e2tisses gr\u00e2ce \u00e0 des interventions pr\u00e9cises et soign\u00e9es. Qu\u2019il s\u2019agisse de travaux neufs, de r\u00e9novations ou de r\u00e9parations, chaque projet est trait\u00e9 avec la m\u00eame rigueur et le m\u00eame souci du d\u00e9tail. Les mat\u00e9riaux utilis\u00e9s sont s\u00e9lectionn\u00e9s pour leur robustesse et leur durabilit\u00e9, garantissant une toiture \u00e0 l\u2019\u00e9preuve des intemp\u00e9ries et du temps.<\/p>\n<h2>Une approche centr\u00e9e sur le client<\/h2>\n<p>Chez Breitler S\u00e0rl, chaque projet est une collaboration. L\u2019\u00e9quipe \u00e9coute, conseille et propose des solutions adapt\u00e9es aux besoins sp\u00e9cifiques des clients. Transparence, r\u00e9activit\u00e9 et professionnalisme sont les ma\u00eetres-mots de l\u2019entreprise. En choisissant Breitler S\u00e0rl, vous optez pour une entreprise qui place votre satisfaction au c\u0153ur de ses priorit\u00e9s.<\/p>\n<h2>Une entreprise ancr\u00e9e dans la r\u00e9gion<\/h2>\n<p>Fortement ancr\u00e9e dans le tissu local, Breitler S\u00e0rl conna\u00eet parfaitement les besoins et contraintes de sa r\u00e9gion. Proche de ses clients, elle offre un service de proximit\u00e9 avec des d\u00e9placements rapides pour l\u2019\u00e9tablissement de devis ou l\u2019ex\u00e9cution des travaux. Ce lien fort avec le Nord Vaudois et les environs fait de Breitler S\u00e0rl un partenaire privil\u00e9gi\u00e9 pour tous vos projets de r\u00e9novation ou d\u2019installation.<\/p>\n","protected":false},"author":1,"featured_media":0,"comment_status":"open","ping_status":"closed","template":"","meta":[],"listing_category":[1520],"event_category":[],"service_category":[],"rental_category":[],"classifieds_category":[],"listing_feature":[],"region":[],"class_list":["post-386455","listing","type-listing","status-publish","hentry","listing_category-etancheite-couverture-facade"],"_links":{"self":[{"href":"https:\/\/edirex.ch\/annuaire\/wp-json\/wp\/v2\/listing\/386455","targetHints":{"allow":["GET"]}}],"collection":[{"href":"https:\/\/edirex.ch\/annuaire\/wp-json\/wp\/v2\/listing"}],"about":[{"href":"https:\/\/edirex.ch\/annuaire\/wp-json\/wp\/v2\/types\/listing"}],"author":[{"embeddable":true,"href":"https:\/\/edirex.ch\/annuaire\/wp-json\/wp\/v2\/users\/1"}],"replies":[{"embeddable":true,"href":"https:\/\/edirex.ch\/annuaire\/wp-json\/wp\/v2\/comments?post=386455"}],"wp:attachment":[{"href":"https:\/\/edirex.ch\/annuaire\/wp-json\/wp\/v2\/media?parent=386455"}],"wp:term":[{"taxonomy":"listing_category","embeddable":true,"href":"https:\/\/edirex.ch\/annuaire\/wp-json\/wp\/v2\/listing_category?post=386455"},{"taxonomy":"event_category","embeddable":true,"href":"https:\/\/edirex.ch\/annuaire\/wp-json\/wp\/v2\/event_category?post=386455"},{"taxonomy":"service_category","embeddable":true,"href":"https:\/\/edirex.ch\/annuaire\/wp-json\/wp\/v2\/service_category?post=386455"},{"taxonomy":"rental_category","embeddable":true,"href":"https:\/\/edirex.ch\/annuaire\/wp-json\/wp\/v2\/rental_category?post=386455"},{"taxonomy":"classifieds_category","embeddable":true,"href":"https:\/\/edirex.ch\/annuaire\/wp-json\/wp\/v2\/classifieds_category?post=386455"},{"taxonomy":"listing_feature","embeddable":true,"href":"https:\/\/edirex.ch\/annuaire\/wp-json\/wp\/v2\/listing_feature?post=386455"},{"taxonomy":"region","embeddable":true,"href":"https:\/\/edirex.ch\/annuaire\/wp-json\/wp\/v2\/region?post=386455"}],"curies":[{"name":"wp","href":"https:\/\/api.w.org\/{rel}","templated":true}]}}