{"id":386457,"date":"2025-04-25T20:14:19","date_gmt":"2025-04-25T19:14:19","guid":{"rendered":"https:\/\/edirex.ch\/annuaire\/?post_type=listing&#038;p=386457"},"modified":"2025-05-28T11:25:03","modified_gmt":"2025-05-28T10:25:03","slug":"parchet-freres-sa","status":"publish","type":"listing","link":"https:\/\/edirex.ch\/annuaire\/annonce\/parchet-freres-sa\/","title":{"rendered":"Parchet Fr\u00e8res SA"},"content":{"rendered":"<h2>Entreprise sp\u00e9cialis\u00e9e dans la construction, r\u00e9novation et entretien<\/h2>\n<p>Forte d\u2019une \u00e9quipe dynamique compos\u00e9e de 10 collaborateurs \u00e0 plein temps, notre entreprise se distingue par son savoir-faire unique et son engagement envers l\u2019excellence. Nous mettons \u00e0 votre disposition un personnel qualifi\u00e9 et un atelier parfaitement \u00e9quip\u00e9 pour r\u00e9pondre \u00e0 tous vos besoins, m\u00eame les plus exigeants. Ici, chaque projet est trait\u00e9 avec un soin m\u00e9ticuleux, et chaque client b\u00e9n\u00e9ficie d\u2019un accompagnement personnalis\u00e9 pour des r\u00e9sultats \u00e0 la hauteur de vos attentes.<\/p>\n<h2>Des services complets pour r\u00e9pondre \u00e0 vos besoins<\/h2>\n<p>Que ce soit pour une construction neuve, une r\u00e9novation compl\u00e8te ou simplement un entretien ponctuel de votre habitation, nous intervenons avec rigueur et professionnalisme. Nous prenons le temps d\u2019\u00e9couter vos besoins, de vous conseiller et de proposer des solutions sur mesure. Gr\u00e2ce \u00e0 notre connaissance approfondie du march\u00e9, nous sommes en mesure de vous fournir et d\u2019installer tous les appareils et accessoires correspondant \u00e0 vos attentes et exigences.<\/p>\n<h3>Une expertise alli\u00e9e \u00e0 des outils de pointe<\/h3>\n<p>Notre atelier moderne et parfaitement \u00e9quip\u00e9 nous permet de r\u00e9aliser des travaux pr\u00e9cis et de haute qualit\u00e9. Chaque membre de notre \u00e9quipe est form\u00e9 aux derni\u00e8res technologies et techniques du secteur pour garantir des prestations irr\u00e9prochables. Que vous ayez un projet r\u00e9sidentiel ou professionnel, nous avons les comp\u00e9tences et les ressources n\u00e9cessaires pour le mener \u00e0 bien, dans les d\u00e9lais impartis.<\/p>\n<h3>Un accompagnement adapt\u00e9 \u00e0 chaque \u00e9tape<\/h3>\n<p>Nous croyons fermement que chaque projet est unique. C\u2019est pourquoi nous vous accompagnons d\u00e8s les premi\u00e8res \u00e9tapes de la conception jusqu\u2019\u00e0 la finalisation de votre chantier. Notre objectif est de vous offrir une exp\u00e9rience fluide et sans stress, tout en tenant compte de vos go\u00fbts, de votre budget et des contraintes techniques. Avec nous, vous avez la garantie d\u2019un travail bien fait et d\u2019un suivi rigoureux.<\/p>\n<h2>Un engagement envers la qualit\u00e9 et la satisfaction client<\/h2>\n<p>Nous pla\u00e7ons la satisfaction de nos clients au c\u0153ur de notre d\u00e9marche. Chacun de nos collaborateurs s\u2019efforce de vous fournir un service irr\u00e9prochable et des solutions p\u00e9rennes. En choisissant notre entreprise, vous optez pour une \u00e9quipe soucieuse de la qualit\u00e9, du d\u00e9tail et du respect des normes en vigueur.<\/p>\n<h3>Votre partenaire de confiance pour vos projets<\/h3>\n<p>Avec une approche ax\u00e9e sur la transparence et l\u2019efficacit\u00e9, nous avons b\u00e2ti une solide r\u00e9putation dans le secteur. Que vous soyez un particulier ou un professionnel, nous nous engageons \u00e0 concr\u00e9tiser vos projets avec passion et d\u00e9termination. Faites le choix d\u2019une entreprise qui allie tradition et modernit\u00e9 pour des r\u00e9sultats qui d\u00e9passent vos attentes.<\/p>\n","protected":false},"author":1,"featured_media":0,"comment_status":"open","ping_status":"closed","template":"","meta":[],"listing_category":[1520],"event_category":[],"service_category":[],"rental_category":[],"classifieds_category":[],"listing_feature":[],"region":[],"class_list":["post-386457","listing","type-listing","status-publish","hentry","listing_category-etancheite-couverture-facade"],"_links":{"self":[{"href":"https:\/\/edirex.ch\/annuaire\/wp-json\/wp\/v2\/listing\/386457","targetHints":{"allow":["GET"]}}],"collection":[{"href":"https:\/\/edirex.ch\/annuaire\/wp-json\/wp\/v2\/listing"}],"about":[{"href":"https:\/\/edirex.ch\/annuaire\/wp-json\/wp\/v2\/types\/listing"}],"author":[{"embeddable":true,"href":"https:\/\/edirex.ch\/annuaire\/wp-json\/wp\/v2\/users\/1"}],"replies":[{"embeddable":true,"href":"https:\/\/edirex.ch\/annuaire\/wp-json\/wp\/v2\/comments?post=386457"}],"wp:attachment":[{"href":"https:\/\/edirex.ch\/annuaire\/wp-json\/wp\/v2\/media?parent=386457"}],"wp:term":[{"taxonomy":"listing_category","embeddable":true,"href":"https:\/\/edirex.ch\/annuaire\/wp-json\/wp\/v2\/listing_category?post=386457"},{"taxonomy":"event_category","embeddable":true,"href":"https:\/\/edirex.ch\/annuaire\/wp-json\/wp\/v2\/event_category?post=386457"},{"taxonomy":"service_category","embeddable":true,"href":"https:\/\/edirex.ch\/annuaire\/wp-json\/wp\/v2\/service_category?post=386457"},{"taxonomy":"rental_category","embeddable":true,"href":"https:\/\/edirex.ch\/annuaire\/wp-json\/wp\/v2\/rental_category?post=386457"},{"taxonomy":"classifieds_category","embeddable":true,"href":"https:\/\/edirex.ch\/annuaire\/wp-json\/wp\/v2\/classifieds_category?post=386457"},{"taxonomy":"listing_feature","embeddable":true,"href":"https:\/\/edirex.ch\/annuaire\/wp-json\/wp\/v2\/listing_feature?post=386457"},{"taxonomy":"region","embeddable":true,"href":"https:\/\/edirex.ch\/annuaire\/wp-json\/wp\/v2\/region?post=386457"}],"curies":[{"name":"wp","href":"https:\/\/api.w.org\/{rel}","templated":true}]}}