{"id":386468,"date":"2025-04-25T19:57:29","date_gmt":"2025-04-25T18:57:29","guid":{"rendered":"https:\/\/edirex.ch\/annuaire\/?post_type=listing&#038;p=386468"},"modified":"2025-05-16T16:26:51","modified_gmt":"2025-05-16T15:26:51","slug":"a-marca-toiture","status":"publish","type":"listing","link":"https:\/\/edirex.ch\/annuaire\/annonce\/a-marca-toiture\/","title":{"rendered":"a Marca Toiture"},"content":{"rendered":"<h2>A Marca Toiture : D\u00e9couvrez l&rsquo;art de la couverture<\/h2>\n<h2>Innovation et tradition au c\u0153ur du Jura<\/h2>\n<p>L\u2019entreprise A Marca Toiture, bas\u00e9e \u00e0 Reconvilier, est un pilier incontournable dans le domaine de la toiture et de la couverture dans les r\u00e9gions du Jura, du Jura bernois, de Neuch\u00e2tel et de Bienne depuis plus de 90 ans. Cette entreprise familiale conjugue harmonieusement tradition et innovation pour offrir des prestations \u00e0 la hauteur des attentes de sa client\u00e8le. En \u00e9troite collaboration avec des architectes et des professionnels de l&rsquo;immobilier, A Marca Toiture intervient sur des projets de r\u00e9novation comme de nouvelles constructions, garantissant un travail d&rsquo;une qualit\u00e9 irr\u00e9prochable.<\/p>\n<h2>Toitures et couvertures : un savoir-faire in\u00e9gal\u00e9<\/h2>\n<p>Offrir \u00e0 votre toit une protection maximale est notre priorit\u00e9. A Marca Toiture met \u00e0 votre disposition une \u00e9quipe d&rsquo;experts d\u00e9di\u00e9e \u00e0 la couverture. Forts d&rsquo;un savoir-faire acquis au fil des g\u00e9n\u00e9rations, nos artisans maitrisent les techniques traditionnelles tout en int\u00e9grant des innovations technologiques. R\u00e9sultat ? Des toitures non seulement durables mais aussi esth\u00e9tiquement abouties.<\/p>\n<h2>L\u2019\u00e9clat retrouv\u00e9 de vos fa\u00e7ades<\/h2>\n<p>Parce que votre b\u00e2timent m\u00e9rite une enveloppe \u00e0 son image, A Marca Toiture propose des services de r\u00e9novation de fa\u00e7ades qui redonnent vie et splendeur \u00e0 vos structures. Nos sp\u00e9cialistes, r\u00e9put\u00e9s pour leur sens du d\u00e9tail et l&rsquo;utilisation de mat\u00e9riaux innovants, garantissent une transformation qui dure et fait sensation.<\/p>\n<h2>Panneaux photovolta\u00efques : un avenir solaire<\/h2>\n<p>Embrassez l&rsquo;\u00e9nergie renouvelable avec nos installations photovolta\u00efques. A Marca Toiture se sp\u00e9cialise dans la conception et l\u2019installation de panneaux solaires, vous permettant de r\u00e9duire votre empreinte \u00e9cologique tout en g\u00e9n\u00e9rant votre propre \u00e9lectricit\u00e9. Cette approche \u00e9conomique et durable vous met r\u00e9solument sur la voie d\u2019un futur plus vert.<\/p>\n<h2>Des services diversifi\u00e9s pour des besoins vari\u00e9s<\/h2>\n<p>En plus de nos prestations en toiture et en \u00e9nergie solaire, nous offrons des services de profilage sur mesure et la location de nacelles \u00e9l\u00e9vatrices. B\u00e9n\u00e9ficiez de notre expertise pour vos exigences sp\u00e9cifiques en profil\u00e9s m\u00e9talliques et en travaux d&rsquo;acc\u00e8s en hauteur. Chez A Marca Toiture, chaque projet est une opportunit\u00e9 de d\u00e9montrer notre polyvalence et notre engagement \u00e0 la satisfaction client.<\/p>\n<h2>Pourquoi choisir A Marca Toiture ?<\/h2>\n<p>Avec une \u00e9quipe jeune, dynamique et comp\u00e9tente, A Marca Toiture s&rsquo;engage \u00e0 l&rsquo;\u00e9coute de vos besoins pour fa\u00e7onner votre projet \u00e0 l\u2019exact souhait\u00e9. La r\u00e9putation de l\u2019entreprise repose sur la rigueur et le talent de ses artisans, ainsi que sur un r\u00e9seau de partenaires tri\u00e9s sur le volet. Choisir A Marca Toiture, c&rsquo;est opter pour un prestataire qui conjugue passion et professionnalisme, vous assurant un service rapide et fiable, fid\u00e8le \u00e0 vos attentes les plus \u00e9lev\u00e9es.<\/p>\n","protected":false},"author":1,"featured_media":388100,"comment_status":"open","ping_status":"closed","template":"","meta":[],"listing_category":[1520],"event_category":[],"service_category":[],"rental_category":[],"classifieds_category":[],"listing_feature":[],"region":[],"class_list":["post-386468","listing","type-listing","status-publish","has-post-thumbnail","hentry","listing_category-etancheite-couverture-facade"],"_links":{"self":[{"href":"https:\/\/edirex.ch\/annuaire\/wp-json\/wp\/v2\/listing\/386468","targetHints":{"allow":["GET"]}}],"collection":[{"href":"https:\/\/edirex.ch\/annuaire\/wp-json\/wp\/v2\/listing"}],"about":[{"href":"https:\/\/edirex.ch\/annuaire\/wp-json\/wp\/v2\/types\/listing"}],"author":[{"embeddable":true,"href":"https:\/\/edirex.ch\/annuaire\/wp-json\/wp\/v2\/users\/1"}],"replies":[{"embeddable":true,"href":"https:\/\/edirex.ch\/annuaire\/wp-json\/wp\/v2\/comments?post=386468"}],"wp:featuredmedia":[{"embeddable":true,"href":"https:\/\/edirex.ch\/annuaire\/wp-json\/wp\/v2\/media\/388100"}],"wp:attachment":[{"href":"https:\/\/edirex.ch\/annuaire\/wp-json\/wp\/v2\/media?parent=386468"}],"wp:term":[{"taxonomy":"listing_category","embeddable":true,"href":"https:\/\/edirex.ch\/annuaire\/wp-json\/wp\/v2\/listing_category?post=386468"},{"taxonomy":"event_category","embeddable":true,"href":"https:\/\/edirex.ch\/annuaire\/wp-json\/wp\/v2\/event_category?post=386468"},{"taxonomy":"service_category","embeddable":true,"href":"https:\/\/edirex.ch\/annuaire\/wp-json\/wp\/v2\/service_category?post=386468"},{"taxonomy":"rental_category","embeddable":true,"href":"https:\/\/edirex.ch\/annuaire\/wp-json\/wp\/v2\/rental_category?post=386468"},{"taxonomy":"classifieds_category","embeddable":true,"href":"https:\/\/edirex.ch\/annuaire\/wp-json\/wp\/v2\/classifieds_category?post=386468"},{"taxonomy":"listing_feature","embeddable":true,"href":"https:\/\/edirex.ch\/annuaire\/wp-json\/wp\/v2\/listing_feature?post=386468"},{"taxonomy":"region","embeddable":true,"href":"https:\/\/edirex.ch\/annuaire\/wp-json\/wp\/v2\/region?post=386468"}],"curies":[{"name":"wp","href":"https:\/\/api.w.org\/{rel}","templated":true}]}}