{"id":386472,"date":"2025-04-25T19:57:29","date_gmt":"2025-04-25T18:57:29","guid":{"rendered":"https:\/\/edirex.ch\/annuaire\/?post_type=listing&#038;p=386472"},"modified":"2025-05-19T07:36:55","modified_gmt":"2025-05-19T06:36:55","slug":"ferco-sarl","status":"publish","type":"listing","link":"https:\/\/edirex.ch\/annuaire\/annonce\/ferco-sarl\/","title":{"rendered":"Ferco S\u00e0rl"},"content":{"rendered":"<h2>Entreprise Ferco : artisanat d&rsquo;excellence \u00e0 Cornaux<\/h2>\n<h2>Une expertise reconnue depuis 1998<\/h2>\n<p>Fond\u00e9e en 1998 par Monsieur Cretin, l\u2019entreprise Ferco est une r\u00e9f\u00e9rence incontournable dans le domaine de la ferblanterie et des travaux de toiture \u00e0 Cornaux, aux portes de Neuch\u00e2tel. Forte de son savoir-faire et de ses nombreuses ann\u00e9es d\u2019exp\u00e9rience, Ferco ne cesse de se d\u00e9marquer par son engagement envers l\u2019excellence et sa capacit\u00e9 \u00e0 r\u00e9pondre aux besoins vari\u00e9s de ses clients.<\/p>\n<p>Chaque projet, qu\u2019il s\u2019agisse d\u2019une nouvelle construction ou d\u2019une r\u00e9novation, est abord\u00e9 avec minutie et passion. Chez Ferco, rien n\u2019est laiss\u00e9 au hasard : chaque d\u00e9tail compte pour garantir la durabilit\u00e9 et la qualit\u00e9 des r\u00e9alisations.<\/p>\n<h2>Des prestations compl\u00e8tes pour tous vos besoins<\/h2>\n<p>L\u2019entreprise Ferco propose une gamme compl\u00e8te de services adapt\u00e9s aux particuliers, professionnels, industriels, et aux \u00e9tablissements publics. Sp\u00e9cialis\u00e9e dans des projets vari\u00e9s, elle intervient avec expertise sur :<\/p>\n<ul>\n<li>La ferblanterie, incluant la ferblanterie en aluminium Prefa<\/li>\n<li>La r\u00e9novation de b\u00e2timents<\/li>\n<li>Le rev\u00eatement de fa\u00e7ades, alliant esth\u00e9tique et durabilit\u00e9<\/li>\n<li>L\u2019isolation de toitures pour un confort thermique optimal<\/li>\n<li>La pose de panneaux photovolta\u00efques pour des solutions \u00e9nerg\u00e9tiques durables<\/li>\n<li>La couverture en tuiles, en \u00e9ternit ou en m\u00e9tal<\/li>\n<li>L\u2019entretien r\u00e9gulier et soign\u00e9 des toitures<\/li>\n<\/ul>\n<p>Gr\u00e2ce \u00e0 cette diversit\u00e9 de comp\u00e9tences, Ferco est en mesure de r\u00e9pondre \u00e0 des projets vari\u00e9s, qu\u2019ils concernent des habitations, des b\u00e2timents industriels, des restaurants ou encore des structures publiques.<\/p>\n<h2>Une \u00e9quipe de professionnels d\u00e9vou\u00e9s<\/h2>\n<p>Ce qui distingue Ferco, c\u2019est avant tout l\u2019implication et l\u2019expertise de son \u00e9quipe. Compos\u00e9e de professionnels passionn\u00e9s, l\u2019\u00e9quipe met un point d\u2019honneur \u00e0 accompagner chaque client tout au long des travaux, en apportant des conseils personnalis\u00e9s et des solutions optimales.<\/p>\n<p>Toujours \u00e0 l\u2019\u00e9coute, ces experts veillent \u00e0 respecter vos attentes tout en proposant des innovations adapt\u00e9es aux d\u00e9fis actuels, notamment en mati\u00e8re d\u2019efficacit\u00e9 \u00e9nerg\u00e9tique et de durabilit\u00e9.<\/p>\n<h2>Un engagement envers la qualit\u00e9 et la durabilit\u00e9<\/h2>\n<p>L\u2019entreprise Ferco s\u2019engage \u00e0 utiliser des mat\u00e9riaux de la plus haute qualit\u00e9, s\u00e9lectionn\u00e9s pour leur robustesse et leur r\u00e9sistance aux intemp\u00e9ries. Les projets r\u00e9alis\u00e9s par Ferco ne sont pas seulement esth\u00e9tiques, mais \u00e9galement pens\u00e9s pour durer dans le temps.<\/p>\n<p>En misant sur des solutions modernes telles que les panneaux photovolta\u00efques ou les rev\u00eatements de fa\u00e7ade performants, Ferco contribue \u00e9galement \u00e0 un avenir plus durable et respectueux de l\u2019environnement.<\/p>\n<h2>Devis gratuit pour votre projet<\/h2>\n<p>Chez Ferco, la transparence et la satisfaction du client sont des priorit\u00e9s absolues. C\u2019est pourquoi l\u2019entreprise propose un devis gratuit et d\u00e9taill\u00e9 pour tous vos projets. Que vous envisagiez de r\u00e9nover votre toiture ou d\u2019installer des panneaux solaires, Ferco est votre partenaire de confiance pour concr\u00e9tiser vos id\u00e9es avec s\u00e9r\u00e9nit\u00e9.<\/p>\n","protected":false},"author":1,"featured_media":0,"comment_status":"open","ping_status":"closed","template":"","meta":[],"listing_category":[1520],"event_category":[],"service_category":[],"rental_category":[],"classifieds_category":[],"listing_feature":[],"region":[],"class_list":["post-386472","listing","type-listing","status-publish","hentry","listing_category-etancheite-couverture-facade"],"_links":{"self":[{"href":"https:\/\/edirex.ch\/annuaire\/wp-json\/wp\/v2\/listing\/386472","targetHints":{"allow":["GET"]}}],"collection":[{"href":"https:\/\/edirex.ch\/annuaire\/wp-json\/wp\/v2\/listing"}],"about":[{"href":"https:\/\/edirex.ch\/annuaire\/wp-json\/wp\/v2\/types\/listing"}],"author":[{"embeddable":true,"href":"https:\/\/edirex.ch\/annuaire\/wp-json\/wp\/v2\/users\/1"}],"replies":[{"embeddable":true,"href":"https:\/\/edirex.ch\/annuaire\/wp-json\/wp\/v2\/comments?post=386472"}],"wp:attachment":[{"href":"https:\/\/edirex.ch\/annuaire\/wp-json\/wp\/v2\/media?parent=386472"}],"wp:term":[{"taxonomy":"listing_category","embeddable":true,"href":"https:\/\/edirex.ch\/annuaire\/wp-json\/wp\/v2\/listing_category?post=386472"},{"taxonomy":"event_category","embeddable":true,"href":"https:\/\/edirex.ch\/annuaire\/wp-json\/wp\/v2\/event_category?post=386472"},{"taxonomy":"service_category","embeddable":true,"href":"https:\/\/edirex.ch\/annuaire\/wp-json\/wp\/v2\/service_category?post=386472"},{"taxonomy":"rental_category","embeddable":true,"href":"https:\/\/edirex.ch\/annuaire\/wp-json\/wp\/v2\/rental_category?post=386472"},{"taxonomy":"classifieds_category","embeddable":true,"href":"https:\/\/edirex.ch\/annuaire\/wp-json\/wp\/v2\/classifieds_category?post=386472"},{"taxonomy":"listing_feature","embeddable":true,"href":"https:\/\/edirex.ch\/annuaire\/wp-json\/wp\/v2\/listing_feature?post=386472"},{"taxonomy":"region","embeddable":true,"href":"https:\/\/edirex.ch\/annuaire\/wp-json\/wp\/v2\/region?post=386472"}],"curies":[{"name":"wp","href":"https:\/\/api.w.org\/{rel}","templated":true}]}}