{"id":390464,"date":"2025-05-04T08:51:37","date_gmt":"2025-05-04T07:51:37","guid":{"rendered":"https:\/\/edirex.ch\/annuaire\/?post_type=listing&#038;p=390464"},"modified":"2025-06-25T11:29:23","modified_gmt":"2025-06-25T10:29:23","slug":"fts-facade-technology-sarl","status":"publish","type":"listing","link":"https:\/\/edirex.ch\/annuaire\/annonce\/fts-facade-technology-sarl\/","title":{"rendered":"FTS Fa\u00e7ade Technology S\u00e0rl"},"content":{"rendered":"<h2>Fa\u00e7ade Technology S\u00e0rl<\/h2>\n<h2>Etudes et planifications<\/h2>\n<p>Fa\u00e7ade Technology S\u00e0rl, fond\u00e9e en 2007 par Bertrand Piller et Christophe Crettenand, incarne l&rsquo;excellence dans le domaine de la construction m\u00e9tallique. Avec plus de trente ann\u00e9es d&rsquo;exp\u00e9rience \u00e0 leur actif, ces deux associ\u00e9s suisses ont su rassembler leurs comp\u00e9tences pour offrir des solutions innovantes et sur mesure. Aujourd&rsquo;hui, une \u00e9quipe dynamique d&rsquo;une dizaine de collaborateurs met son expertise \u00e0 votre service, pr\u00eate \u00e0 transformer vos projets en r\u00e9alit\u00e9.<\/p>\n<h2>Nos services<\/h2>\n<p>\u00c0 Fa\u00e7ade Technology S\u00e0rl, nous croyons fermement que chaque projet est unique. C&rsquo;est pourquoi nous adaptons notre approche pour r\u00e9pondre aux besoins sp\u00e9cifiques de chaque client. Que vous soyez architecte ou entreprise g\u00e9n\u00e9rale, nous vous offrons un accompagnement technique complet :<\/p>\n<h3>Architectes et entreprises g\u00e9n\u00e9rales<\/h3>\n<ul>\n<li>\u00c9laboration des d\u00e9tails techniques<\/li>\n<li>Choix des solutions et syst\u00e8mes adapt\u00e9s<\/li>\n<li>Contr\u00f4le de la statique<\/li>\n<li>Analyse des valeurs thermiques et phoniques<\/li>\n<li>Fourniture et pose de mat\u00e9riaux de haute qualit\u00e9<\/li>\n<\/ul>\n<h3>Fa\u00e7adiers et serrureries<\/h3>\n<p>Nous collaborons \u00e9troitement avec nos clients pour garantir que chaque projet refl\u00e8te leur vision. Gr\u00e2ce \u00e0 notre savoir-faire et notre vaste r\u00e9seau de partenaires, nous offrons :<\/p>\n<ul>\n<li>\u00c9tudes personnalis\u00e9es en collaboration avec le client<\/li>\n<li>Utilisation de logiciels avanc\u00e9s en 2D et 3D pour la conception<\/li>\n<li>Dossiers complets pour approbation<\/li>\n<li>Plans de fabrication et d\u2019usinage, avec possibilit\u00e9 de fichiers CNC<\/li>\n<li>Plans de t\u00f4lerie et de montage sur demande<\/li>\n<li>Prise de mesures pr\u00e9cises et s\u00e9ances de coordination<\/li>\n<li>Suivi rigoureux de chantier pour assurer le respect des d\u00e9lais et des normes de qualit\u00e9<\/li>\n<\/ul>\n<p>Pour tous nos mandats, nous garantissons \u00e0 nos clients la totale discr\u00e9tion de leurs projets, vous permettant de travailler en toute confiance.<\/p>\n<h2>Nos derniers projets<\/h2>\n<p>Notre expertise se refl\u00e8te dans une multitude de projets r\u00e9ussis, tels que :<\/p>\n<ul>\n<li>La Tour Opale (2018)<\/li>\n<li>Agora (2017)<\/li>\n<li>Les Celliers (2016)<\/li>\n<\/ul>\n<p>Nous avons \u00e9galement r\u00e9alis\u00e9 de nombreux autres projets qui t\u00e9moignent de notre savoir-faire et de notre engagement envers l&rsquo;excellence.<\/p>\n<h2>Notre \u00e9quipe<\/h2>\n<p>Notre \u00e9quipe, compos\u00e9e de professionnels passionn\u00e9s et exp\u00e9riment\u00e9s, est le moteur de notre succ\u00e8s. Gr\u00e2ce \u00e0 leur expertise diversifi\u00e9e, chaque membre contribue \u00e0 faire de Fa\u00e7ade Technology S\u00e0rl un acteur cl\u00e9 dans le domaine de la construction m\u00e9tallique.<\/p>\n","protected":false},"author":1,"featured_media":397689,"comment_status":"open","ping_status":"closed","template":"","meta":[],"listing_category":[1520],"event_category":[],"service_category":[],"rental_category":[],"classifieds_category":[],"listing_feature":[],"region":[],"class_list":["post-390464","listing","type-listing","status-publish","has-post-thumbnail","hentry","listing_category-etancheite-couverture-facade"],"_links":{"self":[{"href":"https:\/\/edirex.ch\/annuaire\/wp-json\/wp\/v2\/listing\/390464","targetHints":{"allow":["GET"]}}],"collection":[{"href":"https:\/\/edirex.ch\/annuaire\/wp-json\/wp\/v2\/listing"}],"about":[{"href":"https:\/\/edirex.ch\/annuaire\/wp-json\/wp\/v2\/types\/listing"}],"author":[{"embeddable":true,"href":"https:\/\/edirex.ch\/annuaire\/wp-json\/wp\/v2\/users\/1"}],"replies":[{"embeddable":true,"href":"https:\/\/edirex.ch\/annuaire\/wp-json\/wp\/v2\/comments?post=390464"}],"wp:featuredmedia":[{"embeddable":true,"href":"https:\/\/edirex.ch\/annuaire\/wp-json\/wp\/v2\/media\/397689"}],"wp:attachment":[{"href":"https:\/\/edirex.ch\/annuaire\/wp-json\/wp\/v2\/media?parent=390464"}],"wp:term":[{"taxonomy":"listing_category","embeddable":true,"href":"https:\/\/edirex.ch\/annuaire\/wp-json\/wp\/v2\/listing_category?post=390464"},{"taxonomy":"event_category","embeddable":true,"href":"https:\/\/edirex.ch\/annuaire\/wp-json\/wp\/v2\/event_category?post=390464"},{"taxonomy":"service_category","embeddable":true,"href":"https:\/\/edirex.ch\/annuaire\/wp-json\/wp\/v2\/service_category?post=390464"},{"taxonomy":"rental_category","embeddable":true,"href":"https:\/\/edirex.ch\/annuaire\/wp-json\/wp\/v2\/rental_category?post=390464"},{"taxonomy":"classifieds_category","embeddable":true,"href":"https:\/\/edirex.ch\/annuaire\/wp-json\/wp\/v2\/classifieds_category?post=390464"},{"taxonomy":"listing_feature","embeddable":true,"href":"https:\/\/edirex.ch\/annuaire\/wp-json\/wp\/v2\/listing_feature?post=390464"},{"taxonomy":"region","embeddable":true,"href":"https:\/\/edirex.ch\/annuaire\/wp-json\/wp\/v2\/region?post=390464"}],"curies":[{"name":"wp","href":"https:\/\/api.w.org\/{rel}","templated":true}]}}